{"id":2890,"date":"2025-06-20T13:53:12","date_gmt":"2025-06-20T11:53:12","guid":{"rendered":"https:\/\/moszczanica.stronazen.pl\/?page_id=2890"},"modified":"2025-06-20T14:13:41","modified_gmt":"2025-06-20T12:13:41","slug":"liceum-wojskowe","status":"publish","type":"page","link":"https:\/\/moszczanica.stronazen.pl\/index.php\/liceum-wojskowe\/","title":{"rendered":"Liceum wojskowe"},"content":{"rendered":"\t\t<div data-elementor-type=\"wp-page\" data-elementor-id=\"2890\" class=\"elementor elementor-2890\">\n\t\t\t\t<div class=\"elementor-element elementor-element-3a1f6af e-flex e-con-boxed e-con e-parent\" data-id=\"3a1f6af\" data-element_type=\"container\">\n\t\t\t\t\t<div class=\"e-con-inner\">\n\t\t\t\t<div class=\"elementor-element elementor-element-321fce4 elementor-widget elementor-widget-heading\" data-id=\"321fce4\" data-element_type=\"widget\" data-widget_type=\"heading.default\">\n\t\t\t\t<div class=\"elementor-widget-container\">\n\t\t\t\t\t<h2 class=\"elementor-heading-title elementor-size-default\">Liceum wojskowe<\/h2>\t\t\t\t<\/div>\n\t\t\t\t<\/div>\n\t\t\t\t\t<\/div>\n\t\t\t\t<\/div>\n\t\t<div class=\"elementor-element elementor-element-2fa9846 e-flex e-con-boxed e-con e-parent\" data-id=\"2fa9846\" data-element_type=\"container\">\n\t\t\t\t\t<div class=\"e-con-inner\">\n\t\t\t\t<div class=\"elementor-element elementor-element-51674ec elementor-widget__width-initial elementor-widget elementor-widget-text-editor\" data-id=\"51674ec\" data-element_type=\"widget\" data-widget_type=\"text-editor.default\">\n\t\t\t\t<div class=\"elementor-widget-container\">\n\t\t\t\t\t\t\t\t\t<p>Liceum og\u00f3lnokszta\u0142c\u0105ce o profilu wojskowym posiada certyfikat Ministerstwa Obrony Narodowej. <br \/>Kadeci klasy wojskowej obj\u0119ci zostan\u0105 programem \u201cOddzia\u0142y Przygotowania Wojskowego\u201d na <br \/>podstawie umowy z MON. <br \/><br \/>W oddziale realizowane b\u0119dzie szkolenie z zakresu przygotowania wojskowego, w formie <br \/>obowi\u0105zkowych zaj\u0119\u0107 edukacyjnych, a jego program okre\u015bla rozporz\u0105dzenie Ministra Obrony <br \/>Narodowej z dnia 21 maja 2020 r. w sprawie szkolenia w oddziale przygotowania wojskowego. <br \/>Program realizowany jest przez szko\u0142\u0119, w cz\u0119\u015bci teoretycznej, oraz przez patronack\u0105 jednostk\u0119 <br \/>wojskow\u0105, w cz\u0119\u015bci praktycznej \u2013 w przypadku naszej szko\u0142y to 18 Batalion Powietrzno-Desantowy w <br \/>Bielsku-Bia\u0142ej. Szkolenie ko\u0144czy\u0107 b\u0119dzie 50-godzinny ob\u00f3z szkoleniowy, przeprowadzany na pocz\u0105tku <br \/>ostatniego roku nauki. <br \/><br \/>W oddziale przygotowania wojskowego w liceum og\u00f3lnokszta\u0142c\u0105cym zaj\u0119cia teoretyczne s\u0105 <br \/>realizowane metod\u0105 dostosowan\u0105 do tematyki zaj\u0119\u0107 okre\u015blon\u0105 w programie szkolenia, w tym <br \/>metod\u0105 wyk\u0142ad\u00f3w informacyjnych, dyskusji, inscenizacji zachowa\u0144, prezentacji multimedialnych, <br \/>pokaz\u00f3w umundurowania. Zaj\u0119cia praktyczne s\u0105 realizowane metod\u0105 dostosowan\u0105 do tematyki <br \/>zaj\u0119\u0107 okre\u015blon\u0105 w programie szkolenia, w tym metod\u0105 \u0107wicze\u0144, musztry bojowej, pokaz\u00f3w <br \/>uzbrojenia i sprz\u0119tu wojskowego, pokaz\u00f3w prawid\u0142owo wykonywanych przez \u017co\u0142nierza czynno\u015bci. <br \/>Minimalna liczba zaj\u0119\u0107 realizowanych w ramach programu to 230 godzin, w tym 53 godziny zaj\u0119\u0107 <br \/>teoretycznych i 177 godzin zaj\u0119\u0107 praktycznych. B\u0119d\u0105 one przeprowadzane zar\u00f3wno w szkole, jak i w <br \/>\u201epatronackiej\u201d jednostce wojskowej. Liczba uczni\u00f3w w oddziale przygotowania wojskowego w danym <br \/>roku szkolnym wynosi\u0107 b\u0119dzie nie wi\u0119cej ni\u017c 30.<\/p>\t\t\t\t\t\t\t\t<\/div>\n\t\t\t\t<\/div>\n\t\t\t\t\t<\/div>\n\t\t\t\t<\/div>\n\t\t<div class=\"elementor-element elementor-element-9f5b19a e-flex e-con-boxed e-con e-parent\" data-id=\"9f5b19a\" data-element_type=\"container\">\n\t\t\t\t\t<div class=\"e-con-inner\">\n\t\t\t\t<div class=\"elementor-element elementor-element-7a9b218 elementor-widget elementor-widget-heading\" data-id=\"7a9b218\" data-element_type=\"widget\" data-widget_type=\"heading.default\">\n\t\t\t\t<div class=\"elementor-widget-container\">\n\t\t\t\t\t<h2 class=\"elementor-heading-title elementor-size-default\">Program obejmie cztery podstawowe bloki tematyczne:<\/h2>\t\t\t\t<\/div>\n\t\t\t\t<\/div>\n\t\t\t\t<div class=\"elementor-element elementor-element-484c9c9 elementor-widget__width-initial elementor-widget elementor-widget-text-editor\" data-id=\"484c9c9\" data-element_type=\"widget\" data-widget_type=\"text-editor.default\">\n\t\t\t\t<div class=\"elementor-widget-container\">\n\t\t\t\t\t\t\t\t\t<ul><li>szkolenie bojowe (w tym m.in. taktyk\u0119, szkolenie strzeleckie, rozpoznanie, obron\u0119 przed broni\u0105 masowego ra\u017cenia, \u0142\u0105czno\u015b\u0107, terenoznawstwo, szkolenie medyczne, in\u017cynieryjno-saperskie oraz sprawno\u015bciowe);<li>\nszkolenie logistyczne (m.in. budowa i eksploatacja sprz\u0119tu, ochrona \u015brodowiska, profilaktyka po\u017carowa);\n<li>szkolenie z wybranych przepis\u00f3w prawa (w tym zagadnienia z ochrony informacji niejawnych);\n<li>podstawy wychowania wojskowego (musztra, regulaminy wojskowe, wiedza o Si\u0142ach Zbrojnych RP).\t\t\t\t\t\t\t\t<\/div>\n\t\t\t\t<\/div>\n\t\t\t\t<div class=\"elementor-element elementor-element-f4fdd70 elementor-widget__width-initial elementor-widget elementor-widget-text-editor\" data-id=\"f4fdd70\" data-element_type=\"widget\" data-widget_type=\"text-editor.default\">\n\t\t\t\t<div class=\"elementor-widget-container\">\n\t\t\t\t\t\t\t\t\t<p>Oddzia\u0142y Przygotowania Wojskowego \u2013 mog\u0105 liczy\u0107 na wsparcie przez MON w formie dofinansowania<br \/>ubioru ucznia to znaczy, \u017ce kadet Oddzia\u0142u Przygotowania Wojskowego, dzi\u0119ki dotacji otrzyma na<br \/>czas trwania nauki:<br \/>mundur + polar, beret, plecak, czapk\u0119 zimow\u0105, r\u0119kawiczki oraz zestaw odznacze\u0144.<\/p>\t\t\t\t\t\t\t\t<\/div>\n\t\t\t\t<\/div>\n\t\t\t\t<div class=\"elementor-element elementor-element-15ca607 elementor-widget elementor-widget-heading\" data-id=\"15ca607\" data-element_type=\"widget\" data-widget_type=\"heading.default\">\n\t\t\t\t<div class=\"elementor-widget-container\">\n\t\t\t\t\t<h2 class=\"elementor-heading-title elementor-size-default\">Dodatkowo:<\/h2>\t\t\t\t<\/div>\n\t\t\t\t<\/div>\n\t\t\t\t<div class=\"elementor-element elementor-element-e6ca60e elementor-widget__width-initial elementor-widget elementor-widget-text-editor\" data-id=\"e6ca60e\" data-element_type=\"widget\" data-widget_type=\"text-editor.default\">\n\t\t\t\t<div class=\"elementor-widget-container\">\n\t\t\t\t\t\t\t\t\t<ul><li>bogata oferta szkolenia wojskowego przy wsparciu patronackiej JW 18 Bielskiego Batalionu Powietrznodesantowego z Bielska-Bia\u0142ej oraz WCR w Bielsku Bia\u0142ej;\n<li>udzia\u0142 w kilkudniowych obozach szkoleniowych;\n<li>udzia\u0142 w sekcjach i stowarzyszeniach, dzia\u0142aj\u0105cych przy szkole (Uczniowski Klub Strzelecki, sekcja\nwalki w bliskim kontakcie, klub kr\u00f3tkofalowc\u00f3w, szko\u0142a przetrwania);\n<li>udzia\u0142 w kursach, podnosz\u0105cych kwalifikacje \u2013 patent strzelecki, samoobrona, kurs skoczka spadochronowego, p\u0142etwonurka, ratownika pola walki itp.;\n<li>udzia\u0142 w wydarzeniach takich jak \u2013 Uroczyste \u015alubowanie Klas Wojskowych, Koncerty Pie\u015bni\nPatriotycznej, \u017bywiecki Korow\u00f3d Trzech Kr\u00f3li, Bieg Pami\u0119ci Tropem Wykl\u0119tych oraz wiele innych akcji\npatriotycznych, czy charytatywnych;\n<li>udzia\u0142 w pokazach, przemarszach i zawodach<\/li> \n\n\t\t\t\t\t\t\t\t<\/div>\n\t\t\t\t<\/div>\n\t\t\t\t<div class=\"elementor-element elementor-element-c0c2a0d elementor-widget__width-initial elementor-widget elementor-widget-text-editor\" data-id=\"c0c2a0d\" data-element_type=\"widget\" data-widget_type=\"text-editor.default\">\n\t\t\t\t<div class=\"elementor-widget-container\">\n\t\t\t\t\t\t\t\t\t<p>W klasie wojskowej obowi\u0105zuje mundur wojskowy.<br \/>W trakcie nauki zdob\u0119dziesz wykszta\u0142cenie \u015brednie.<\/p>\t\t\t\t\t\t\t\t<\/div>\n\t\t\t\t<\/div>\n\t\t\t\t<div class=\"elementor-element elementor-element-5177e49 elementor-widget elementor-widget-heading\" data-id=\"5177e49\" data-element_type=\"widget\" data-widget_type=\"heading.default\">\n\t\t\t\t<div class=\"elementor-widget-container\">\n\t\t\t\t\t<h2 class=\"elementor-heading-title elementor-size-default\">Absolwenci szk\u00f3\u0142 bior\u0105cy udzia\u0142 w projekcie mog\u0105 liczy\u0107 na:<\/h2>\t\t\t\t<\/div>\n\t\t\t\t<\/div>\n\t\t\t\t<div class=\"elementor-element elementor-element-21d8718 elementor-widget__width-initial elementor-widget elementor-widget-text-editor\" data-id=\"21d8718\" data-element_type=\"widget\" data-widget_type=\"text-editor.default\">\n\t\t\t\t<div class=\"elementor-widget-container\">\n\t\t\t\t\t\t\t\t\t<ul><li>odbycie skr\u00f3conej s\u0142u\u017cby przygotowawczej dla ochotnik\u00f3w, ko\u0144cz\u0105cej si\u0119 z\u0142o\u017ceniem przysi\u0119gi\nwojskowej i przeniesieniem do rezerwy;\n<li>preferencje w trakcie naboru do Wojsk Obrony Terytorialnej oraz innych rodzaj\u00f3w s\u0142u\u017cby\nwojskowej;\n<li>przyj\u0119cie na studia wojskowe na preferencyjnych warunkach &#8211; dodatkowe punkty rankingowe w\nczasie rozm\u00f3w kwalifikacyjnych;\n<li>sta\u0142e konsultacje (ju\u017c w toku realizacji projektu) przedstawicieli wojskowych komend uzupe\u0142nie\u0144 w\nzakresie przyj\u0119cia do s\u0142u\u017cby wojskowej oraz wskazywania mo\u017cliwo\u015bci podj\u0119cia s\u0142u\u017cby adekwatnych\ndo potrzeb Si\u0142 Zbrojnych i uwarunkowa\u0144 kandydata.\t\t\t\t\t\t\t\t<\/div>\n\t\t\t\t<\/div>\n\t\t\t\t<div class=\"elementor-element elementor-element-b647a44 elementor-widget elementor-widget-heading\" data-id=\"b647a44\" data-element_type=\"widget\" data-widget_type=\"heading.default\">\n\t\t\t\t<div class=\"elementor-widget-container\">\n\t\t\t\t\t<h2 class=\"elementor-heading-title elementor-size-default\">Przedmioty rozszerzone:<\/h2>\t\t\t\t<\/div>\n\t\t\t\t<\/div>\n\t\t\t\t<div class=\"elementor-element elementor-element-731dcff elementor-widget__width-initial elementor-widget elementor-widget-text-editor\" data-id=\"731dcff\" data-element_type=\"widget\" data-widget_type=\"text-editor.default\">\n\t\t\t\t<div class=\"elementor-widget-container\">\n\t\t\t\t\t\t\t\t\t<p>Historia, geografia lub biologia<\/p>\t\t\t\t\t\t\t\t<\/div>\n\t\t\t\t<\/div>\n\t\t\t\t<div class=\"elementor-element elementor-element-00a40d4 elementor-widget elementor-widget-heading\" data-id=\"00a40d4\" data-element_type=\"widget\" data-widget_type=\"heading.default\">\n\t\t\t\t<div class=\"elementor-widget-container\">\n\t\t\t\t\t<h2 class=\"elementor-heading-title elementor-size-default\">Galeria<\/h2>\t\t\t\t<\/div>\n\t\t\t\t<\/div>\n\t\t\t\t\t<\/div>\n\t\t\t\t<\/div>\n\t\t<div class=\"elementor-element elementor-element-7bbe1b7 e-flex e-con-boxed e-con e-parent\" data-id=\"7bbe1b7\" data-element_type=\"container\">\n\t\t\t\t\t<div class=\"e-con-inner\">\n\t\t\t\t<div class=\"elementor-element elementor-element-0d38033 elementor-widget elementor-widget-gallery\" data-id=\"0d38033\" data-element_type=\"widget\" data-widget_type=\"gallery.default\">\n\t\t\t\t<div class=\"elementor-widget-container\">\n\t\t\t\t\t \t\t\t\t<\/div>\n\t\t\t\t<\/div>\n\t\t\t\t\t<\/div>\n\t\t\t\t<\/div>\n\t\t\t\t<\/div>\n\t\t","protected":false},"excerpt":{"rendered":"<p>Liceum wojskowe Liceum og\u00f3lnokszta\u0142c\u0105ce o profilu wojskowym posiada certyfikat Ministerstwa Obrony Narodowej. Kadeci klasy wojskowej obj\u0119ci zostan\u0105 programem \u201cOddzia\u0142y Przygotowania Wojskowego\u201d na podstawie umowy z MON. W oddziale realizowane b\u0119dzie szkolenie z zakresu przygotowania wojskowego, w formie obowi\u0105zkowych zaj\u0119\u0107 edukacyjnych, a jego program okre\u015bla rozporz\u0105dzenie Ministra Obrony Narodowej z dnia 21 maja 2020 r. w [&hellip;]<\/p>\n","protected":false},"author":1,"featured_media":0,"parent":0,"menu_order":0,"comment_status":"closed","ping_status":"closed","template":"","meta":{"footnotes":""},"class_list":["post-2890","page","type-page","status-publish","hentry"],"_links":{"self":[{"href":"https:\/\/moszczanica.stronazen.pl\/index.php\/wp-json\/wp\/v2\/pages\/2890","targetHints":{"allow":["GET"]}}],"collection":[{"href":"https:\/\/moszczanica.stronazen.pl\/index.php\/wp-json\/wp\/v2\/pages"}],"about":[{"href":"https:\/\/moszczanica.stronazen.pl\/index.php\/wp-json\/wp\/v2\/types\/page"}],"author":[{"embeddable":true,"href":"https:\/\/moszczanica.stronazen.pl\/index.php\/wp-json\/wp\/v2\/users\/1"}],"replies":[{"embeddable":true,"href":"https:\/\/moszczanica.stronazen.pl\/index.php\/wp-json\/wp\/v2\/comments?post=2890"}],"version-history":[{"count":13,"href":"https:\/\/moszczanica.stronazen.pl\/index.php\/wp-json\/wp\/v2\/pages\/2890\/revisions"}],"predecessor-version":[{"id":2910,"href":"https:\/\/moszczanica.stronazen.pl\/index.php\/wp-json\/wp\/v2\/pages\/2890\/revisions\/2910"}],"wp:attachment":[{"href":"https:\/\/moszczanica.stronazen.pl\/index.php\/wp-json\/wp\/v2\/media?parent=2890"}],"curies":[{"name":"wp","href":"https:\/\/api.w.org\/{rel}","templated":true}]}}